{"id":1809,"date":"2020-02-19T13:12:30","date_gmt":"2020-02-19T13:12:30","guid":{"rendered":"https:\/\/stagingblackmodafi.test.cchosting.fi\/vastuullisuus\/"},"modified":"2022-05-17T14:43:08","modified_gmt":"2022-05-17T11:43:08","slug":"sustainability","status":"publish","type":"page","link":"https:\/\/blackmoda.fi\/en\/sustainability\/","title":{"rendered":"Sustainability"},"content":{"rendered":"\n<div class=\"wp-block-cover alignfull main\"><span aria-hidden=\"true\" class=\"has-blue-400-background-color has-background-dim-80 wp-block-cover__gradient-background has-background-dim\"><\/span><img decoding=\"async\" class=\"wp-block-cover__image-background wp-image-392\" alt=\"\" src=\"https:\/\/blackmoda.fi\/wp-content\/uploads\/2020\/02\/tehdas16-2-1.jpg\" style=\"object-position:37% 79%\" data-object-fit=\"cover\" data-object-position=\"37% 79%\"\/><div class=\"wp-block-cover__inner-container is-layout-flow wp-block-cover-is-layout-flow\">\n<div style=\"height:100px\" aria-hidden=\"true\" class=\"wp-block-spacer\"><\/div>\n\n\n\n<h1 class=\"has-text-align-center wp-block-heading\" id=\"sustainability\">Sustainability<\/h1>\n\n\n\n<div class=\"wp-block-group\"><div class=\"wp-block-group__inner-container is-layout-flow wp-block-group-is-layout-flow\">\n<div class=\"wp-block-image\"><figure class=\"aligncenter size-large is-resized\"><img loading=\"lazy\" decoding=\"async\" src=\"https:\/\/blackmoda.fi\/wp-content\/uploads\/2021\/10\/CarbonNeutral2035_logo_white.png\" alt=\"\" class=\"wp-image-3722\" width=\"133\" height=\"133\" srcset=\"https:\/\/blackmoda.fi\/wp-content\/uploads\/2021\/10\/CarbonNeutral2035_logo_white.png 1024w, https:\/\/blackmoda.fi\/wp-content\/uploads\/2021\/10\/CarbonNeutral2035_logo_white-800x800.png 800w, https:\/\/blackmoda.fi\/wp-content\/uploads\/2021\/10\/CarbonNeutral2035_logo_white-400x400.png 400w, https:\/\/blackmoda.fi\/wp-content\/uploads\/2021\/10\/CarbonNeutral2035_logo_white-768x768.png 768w, https:\/\/blackmoda.fi\/wp-content\/uploads\/2021\/10\/CarbonNeutral2035_logo_white-700x700.png 700w\" sizes=\"auto, (max-width: 133px) 100vw, 133px\" \/><\/figure><\/div>\n<\/div><\/div>\n\n\n\n<div class=\"wp-block-buttons is-content-justification-center is-layout-flex wp-container-core-buttons-is-layout-16018d1d wp-block-buttons-is-layout-flex\">\n<div class=\"wp-block-button aligncenter\"><a class=\"wp-block-button__link has-black-background-color has-background\" href=\" https:\/\/blackmoda.fi\/wp-content\/uploads\/2022\/05\/blackmoda-sustainability-report-2021-en-1.pdf\">Sustainability report 2021 (EN)<\/a><\/div>\n<\/div>\n\n\n\n<div class=\"wp-block-buttons is-content-justification-center is-layout-flex wp-container-core-buttons-is-layout-16018d1d wp-block-buttons-is-layout-flex\">\n<div class=\"wp-block-button is-style-fill\"><a class=\"wp-block-button__link has-white-color has-black-background-color has-text-color has-background\" href=\" https:\/\/blackmoda.fi\/wp-content\/uploads\/2021\/05\/blackmoda-Sustainability-report-2020_English.pdf\">Sustainability report 2020 (EN)<\/a><\/div>\n<\/div>\n\n\n\n<div class=\"wp-block-buttons is-content-justification-center is-layout-flex wp-container-core-buttons-is-layout-16018d1d wp-block-buttons-is-layout-flex\">\n<div class=\"wp-block-button is-style-fill\"><a class=\"wp-block-button__link has-white-color has-black-background-color has-text-color has-background\" href=\"https:\/\/blackmoda.fi\/wp-content\/uploads\/2020\/04\/blackmoda-responsibility-report-2019-2.pdf\">Sustainability report 2019 (EN)<\/a><\/div>\n<\/div>\n\n\n\n<div class=\"wp-block-button aligncenter\"><a class=\"wp-block-button__link has-black-background-color has-background\" href=\"https:\/\/blackmoda.fi\/wp-content\/uploads\/2020\/03\/blackmoda_vastuullisuusraportti_2018_13012020.pdf\" target=\"_blank\" rel=\"noreferrer noopener\">Sustainability report 2018 (FI)<\/a><\/div>\n<\/div><\/div>\n\n\n\n<div class=\"wp-block-cover alignfull\"><span aria-hidden=\"true\" class=\"has-black-background-color has-background-dim-100 wp-block-cover__gradient-background has-background-dim\"><\/span><div class=\"wp-block-cover__inner-container is-layout-flow wp-block-cover-is-layout-flow\">\n<div style=\"height:100px\" aria-hidden=\"true\" class=\"wp-block-spacer\"><\/div>\n\n\n\n<div class=\"wp-block-group alignwide has-black-background-color has-background\"><div class=\"wp-block-group__inner-container is-layout-flow wp-block-group-is-layout-flow\">\n<div class=\"wp-block-columns alignwide is-layout-flex wp-container-core-columns-is-layout-9d6595d7 wp-block-columns-is-layout-flex\">\n<div class=\"wp-block-column is-layout-flow wp-block-column-is-layout-flow\" style=\"flex-basis:20%\"><\/div>\n\n\n\n<div class=\"wp-block-column is-layout-flow wp-block-column-is-layout-flow\" style=\"flex-basis:60%\">\n<p class=\"has-text-align-center has-white-color has-text-color has-regular-font-size\">The textile and clothing industry are changing.<\/p>\n\n\n\n<p class=\"has-text-align-center has-white-color has-text-color has-small-font-size\">Consumers are increasingly aware of the downside of the industry, human rights violations and the environmental burden of this industry. The choices you make are thought-provoking, and finding out the origin of a T-shirt, for example, may prove impossible in practice. Fast fashion is so last season. Therefore, the appreciation of clothing and people working in the industry must increase. That&#8217;s why we want to tell you more about our production, our responsibility and the working conditions of our employees. Responsibility cannot be mere talk and fine words, but real deeds.<\/p>\n\n\n\n<p class=\"has-text-align-center has-white-color has-text-color has-small-font-size\">Our annual Sustainability Report aims to improve the understanding of our operations and our work towards a more responsible textile production for our production customers, consumers and partners, as well as our stakeholders. When reporting, we report the challenges, successes, and failures that have been identified in our work. Sustainability and how to practice it, is something we  constantly discuss in our daily work.<\/p>\n\n\n\n<p class=\"has-text-align-center has-regular-font-size\">Our corporate responsibility consists of financially a responsible governance, a healthy corporate culture and employee well-being, our own sewing company, partners and materials.<\/p>\n\n\n\n<p class=\"has-text-align-center has-small-font-size\"> The figures here in our Sustainability section are only a small part of what we have covered in our report. In our Corporate Responsibility Report, we will tell you more about our goals for the coming years and open up more figures behind our production. If you are interested and want to read more about our corporate responsibility, read the <a href=\"https:\/\/blackmoda.fi\/wp-content\/uploads\/2022\/05\/blackmoda-sustainability-report-2021-en-1.pdf\" target=\"_blank\" rel=\"noreferrer noopener\">full report.<\/a><br><br><\/p>\n\n\n\n<pre id=\"block-1de95fcc-a2be-452f-b48d-dd228ddf181c\" class=\"wp-block-preformatted\"><\/pre>\n\n\n\n<p class=\"has-text-align-center has-small-font-size\"><br><br><\/p>\n\n\n\n<pre id=\"tw-target-text\" class=\"wp-block-preformatted\"><\/pre>\n<\/div>\n\n\n\n<div class=\"wp-block-column is-layout-flow wp-block-column-is-layout-flow\" style=\"flex-basis:20%\"><\/div>\n<\/div>\n<\/div><\/div>\n\n\n\n<div style=\"height:100px\" aria-hidden=\"true\" class=\"wp-block-spacer\"><\/div>\n<\/div><\/div>\n\n\n\n<div class=\"wp-block-cover aligncenter alignfull\"><span aria-hidden=\"true\" class=\"has-blue-400-background-color has-background-dim-80 wp-block-cover__gradient-background has-background-dim\"><\/span><img decoding=\"async\" class=\"wp-block-cover__image-background wp-image-1650\" alt=\"\" src=\"https:\/\/blackmoda.fi\/wp-content\/uploads\/2020\/03\/MG_6711.jpg\" style=\"object-position:45% 54%\" data-object-fit=\"cover\" data-object-position=\"45% 54%\"\/><div class=\"wp-block-cover__inner-container is-layout-flow wp-block-cover-is-layout-flow\">\n<div style=\"height:100px\" aria-hidden=\"true\" class=\"wp-block-spacer\"><\/div>\n\n\n\n<div class=\"wp-block-group alignwide\"><div class=\"wp-block-group__inner-container is-layout-flow wp-block-group-is-layout-flow\">\n<h2 class=\"has-text-align-center has-white-color has-text-color wp-block-heading\" id=\"factory\"><strong>Own Factory<\/strong> Black Moda Portugal<\/h2>\n\n\n\n<div class=\"wp-block-group\"><div class=\"wp-block-group__inner-container is-layout-flow wp-block-group-is-layout-flow\"><\/div><\/div>\n\n\n\n<div class=\"wp-block-columns alignwide is-layout-flex wp-container-core-columns-is-layout-9d6595d7 wp-block-columns-is-layout-flex\">\n<div class=\"wp-block-column is-layout-flow wp-block-column-is-layout-flow\" style=\"flex-basis:20%\"><\/div>\n\n\n\n<div class=\"wp-block-column is-layout-flow wp-block-column-is-layout-flow\" style=\"flex-basis:60%\">\n<p class=\"has-text-align-center has-white-color has-text-color has-regular-font-size\">Black Moda Portugal is a family owned company in Portugal owned by siblings Riikka Oliveira and Marko Keski-V\u00e4h\u00e4l\u00e4. Own production creates the basis for quick response and flexible operation between customer service and production itself.<\/p>\n\n\n\n<p class=\"has-text-align-center has-white-color has-text-color has-small-font-size\"><strong>Portugal is an EU country that is not classified as a risk country.<\/strong><\/p>\n\n\n\n<p class=\"has-text-align-center has-white-color has-text-color has-small-font-size\">In Portugal, working life is regulated by law and the authorities also enforce these laws. Portugal has ratified the International Labor Organization (ILO) Treaties. In accordance with the principles of the ILO, all its Member States have a duty to eliminate forced labor, child labor and discrimination and to guarantee freedom of association.<\/p>\n\n\n\n<p class=\"has-text-align-center has-white-color has-text-color has-small-font-size\">Black Moda Portugal is a member of the Portuguese textile industry association, ANIVEC. All employment contracts are based on a collective agreement. Our company pays collective wages to employees that are higher than the minimum wage set by the State.<\/p>\n<\/div>\n\n\n\n<div class=\"wp-block-column is-layout-flow wp-block-column-is-layout-flow\" style=\"flex-basis:20%\"><\/div>\n<\/div>\n\n\n\n<div class=\"wp-block-group\"><div class=\"wp-block-group__inner-container is-layout-flow wp-block-group-is-layout-flow\">\n<p class=\"has-text-align-center has-small-font-size\" id=\"block-674f50f7-95b1-48f6-bd7b-2ee037302d57\">Below you will find the data for 2021.<\/p>\n<\/div><\/div>\n<\/div><\/div>\n\n\n\n<div class=\"wp-block-columns alignwide is-layout-flex wp-container-core-columns-is-layout-9d6595d7 wp-block-columns-is-layout-flex\">\n<div class=\"wp-block-column is-layout-flow wp-block-column-is-layout-flow\">\n<h2 class=\"has-text-align-center has-blue-300-color has-text-color wp-block-heading\" id=\"economic-indicators\"><strong>ECONOMIC INDICATORS<\/strong><\/h2>\n\n\n\n<div class=\"wp-block-group\"><div class=\"wp-block-group__inner-container is-layout-flow wp-block-group-is-layout-flow\"><\/div><\/div>\n\n\n\n<p class=\"has-text-align-center mb-0 has-black-color has-text-color has-large-font-size\"><strong>710 981<\/strong><\/p>\n\n\n\n<p class=\"has-text-align-center has-small-font-size\">Produced Quantities<\/p>\n\n\n\n<div class=\"wp-block-group\"><div class=\"wp-block-group__inner-container is-layout-flow wp-block-group-is-layout-flow\"><\/div><\/div>\n\n\n\n<p class=\"has-text-align-center mb-0 has-black-color has-text-color has-large-font-size\"><strong>\u20ac 841 872<\/strong><\/p>\n\n\n\n<p class=\"has-text-align-center has-small-font-size\">Paid Salaries<\/p>\n\n\n\n<div class=\"wp-block-group\"><div class=\"wp-block-group__inner-container is-layout-flow wp-block-group-is-layout-flow\"><\/div><\/div>\n\n\n\n<p class=\"has-text-align-center mb-0 has-black-color has-text-color has-large-font-size\"><strong>\u20ac 2 968 925<\/strong><\/p>\n\n\n\n<p class=\"has-text-align-center has-small-font-size\">Turnover<\/p>\n<\/div>\n\n\n\n<div class=\"wp-block-column is-layout-flow wp-block-column-is-layout-flow\">\n<h2 class=\"has-text-align-center has-blue-300-color has-text-color wp-block-heading\" id=\"staff\"><strong>STAFF<\/strong><\/h2>\n\n\n\n<div class=\"wp-block-group\"><div class=\"wp-block-group__inner-container is-layout-flow wp-block-group-is-layout-flow\"><div id=\"circle-block_60ab8ddd27cb6\" class=\"block-circle aligncenter\">\n\n            <div class=\"circle circle--dark\">\n            <div class=\"circle__number\">64<\/div>\n\n                            <div class=\"circle__text\">PEOPLE<\/div>\n                    <\/div>\n    \n<\/div>\n\n<style type=\"text\/css\">\n    #circle-block_60ab8ddd27cb6 .circle {\n        display: flex;\n        flex-direction: column;\n        justify-content: center;\n        align-items: center;\n        border-radius: 50%;\n        width: 10em;\n        height: 10em;\n        background: hsl(280, 100%, 4%);\n        color: white;\n    }\n    #circle-block_60ab8ddd27cb6 .circle--light {\n        background: white;\n        color: hsl(216, 60%, 68%);\n    }\n    #circle-block_60ab8ddd27cb6 .circle > div {\n        white-space: nowrap;\n        overflow: hidden;\n        text-overflow: ellipsis;\n        max-width: 8rem;\n        line-height: 1;\n    }\n    #circle-block_60ab8ddd27cb6 .circle__number {\n        font-size: 2.1rem;\n        margin-bottom: 0.2rem;\n    }\n    #circle-block_60ab8ddd27cb6 .circle__text {\n        font-size: 0.8rem;\n        text-transform: uppercase;\n    }\n    #circle-block_60ab8ddd27cb6.aligncenter {\n        display: flex;\n        justify-content: center;\n    }\n<\/style>\n<\/div><\/div>\n\n\n\n<div class=\"wp-block-group\"><div class=\"wp-block-group__inner-container is-layout-flow wp-block-group-is-layout-flow\"><div id=\"circle-block_5e737e272b055\" class=\"block-circle aligncenter\">\n\n            <div class=\"circle circle--dark\">\n            <div class=\"circle__number\">167 h<\/div>\n\n                            <div class=\"circle__text\">TRAINING<\/div>\n                    <\/div>\n    \n<\/div>\n\n<style type=\"text\/css\">\n    #circle-block_5e737e272b055 .circle {\n        display: flex;\n        flex-direction: column;\n        justify-content: center;\n        align-items: center;\n        border-radius: 50%;\n        width: 10em;\n        height: 10em;\n        background: hsl(280, 100%, 4%);\n        color: white;\n    }\n    #circle-block_5e737e272b055 .circle--light {\n        background: white;\n        color: hsl(216, 60%, 68%);\n    }\n    #circle-block_5e737e272b055 .circle > div {\n        white-space: nowrap;\n        overflow: hidden;\n        text-overflow: ellipsis;\n        max-width: 8rem;\n        line-height: 1;\n    }\n    #circle-block_5e737e272b055 .circle__number {\n        font-size: 2.1rem;\n        margin-bottom: 0.2rem;\n    }\n    #circle-block_5e737e272b055 .circle__text {\n        font-size: 0.8rem;\n        text-transform: uppercase;\n    }\n    #circle-block_5e737e272b055.aligncenter {\n        display: flex;\n        justify-content: center;\n    }\n<\/style>\n<\/div><\/div>\n\n\n\n<p class=\"has-text-align-center\">The training is related to, among other things, communication and customer service, industrial occupational risk prevention, studying English and transport documents.<\/p>\n\n\n\n<p class=\"has-text-align-center has-white-color has-text-color has-small-font-size\">1 satisfaction enquiry.<\/p>\n\n\n\n<p class=\"has-text-align-center has-white-color has-text-color has-small-font-size\">2 work related accidents.<\/p>\n<\/div>\n\n\n\n<div class=\"wp-block-column is-layout-flow wp-block-column-is-layout-flow\">\n<h2 class=\"has-text-align-center has-blue-300-color has-text-color wp-block-heading\" id=\"environmental-impact\"><strong>ENVIRONMENTAL IMPACT<\/strong><\/h2>\n\n\n\n<div class=\"wp-block-group\"><div class=\"wp-block-group__inner-container is-layout-flow wp-block-group-is-layout-flow\"><\/div><\/div>\n\n\n\n<p class=\"has-text-align-center mb-0 has-black-color has-text-color has-large-font-size\"><strong>92 422 KWh <\/strong><\/p>\n\n\n\n<p class=\"has-text-align-center has-small-font-size\">Electricity<\/p>\n\n\n\n<div class=\"wp-block-group\"><div class=\"wp-block-group__inner-container is-layout-flow wp-block-group-is-layout-flow\"><\/div><\/div>\n\n\n\n<p class=\"has-text-align-center mb-0 has-black-color has-text-color has-large-font-size\"><strong>59 051 kg<\/strong><\/p>\n\n\n\n<p class=\"has-text-align-center has-small-font-size\">Textile Waste<\/p>\n\n\n\n<div class=\"wp-block-group\"><div class=\"wp-block-group__inner-container is-layout-flow wp-block-group-is-layout-flow\"><\/div><\/div>\n\n\n\n<p class=\"has-text-align-center mb-0 has-black-color has-text-color has-large-font-size\"><strong>58,6 tons<\/strong><\/p>\n\n\n\n<p class=\"has-text-align-center has-small-font-size\">CO2<\/p>\n<\/div>\n<\/div>\n\n\n\n<div class=\"wp-block-group\"><div class=\"wp-block-group__inner-container is-layout-flow wp-block-group-is-layout-flow\"><\/div><\/div>\n\n\n\n<div class=\"wp-block-columns alignwide is-layout-flex wp-container-core-columns-is-layout-9d6595d7 wp-block-columns-is-layout-flex\">\n<div class=\"wp-block-column is-layout-flow wp-block-column-is-layout-flow\" style=\"flex-basis:20%\"><\/div>\n\n\n\n<div class=\"wp-block-column is-layout-flow wp-block-column-is-layout-flow\" style=\"flex-basis:60%\">\n<p class=\"has-text-align-center has-white-color has-black-background-color has-text-color has-background has-regular-font-size\">Together, Black Moda Oy and Black Moda Portugal employ 86 people.<\/p>\n\n\n\n<p class=\"has-text-align-center has-white-color has-text-color has-small-font-size\">All employees at Black Moda Portugal receive a 10 \u20ac \/ month punctuality allowance, holiday pay and food supplements. In addition, seamstresses receive an incentive supplement of up to \u20ac 60 per month.<\/p>\n\n\n\n<p class=\"has-text-align-center has-white-color has-text-color has-small-font-size\"><strong>Portugal has a law on working time.<\/strong><\/p>\n\n\n\n<p class=\"has-text-align-center has-white-color has-text-color has-small-font-size\">Our own sewing company complies with the obligations of the Portuguese authorities regarding working time laws, holidays and maternity and parental leave. Possible overtime is agreed with the employee and overtime compensation is paid.<\/p>\n\n\n\n<p class=\"has-text-align-center has-white-color has-text-color has-small-font-size\">For more chapters, goals and information about our sewing company, read our report.<\/p>\n<\/div>\n\n\n\n<div class=\"wp-block-column is-layout-flow wp-block-column-is-layout-flow\" style=\"flex-basis:20%\"><\/div>\n<\/div>\n\n\n\n<div class=\"wp-block-group\"><div class=\"wp-block-group__inner-container is-layout-flow wp-block-group-is-layout-flow\"><\/div><\/div>\n\n\n\n<div class=\"wp-block-button aligncenter\"><a class=\"wp-block-button__link has-black-background-color has-background\" href=\" https:\/\/blackmoda.fi\/wp-content\/uploads\/2022\/05\/blackmoda-sustainability-report-2021-en-1.pdf\"> Sustainability Report 2021 (EN) <\/a><\/div>\n\n\n\n<div style=\"height:100px\" aria-hidden=\"true\" class=\"wp-block-spacer\"><\/div>\n<\/div><\/div>\n\n\n\n<div class=\"wp-block-cover alignfull\"><span aria-hidden=\"true\" class=\"has-black-background-color has-background-dim-70 wp-block-cover__gradient-background has-background-dim\"><\/span><img decoding=\"async\" class=\"wp-block-cover__image-background wp-image-1692\" alt=\"\" src=\"https:\/\/blackmoda.fi\/wp-content\/uploads\/2020\/03\/blackmoda_tuotanto_belfama_2019_060.jpg\" style=\"object-position:28% 31%\" data-object-fit=\"cover\" data-object-position=\"28% 31%\"\/><div class=\"wp-block-cover__inner-container is-layout-flow wp-block-cover-is-layout-flow\">\n<div style=\"height:100px\" aria-hidden=\"true\" class=\"wp-block-spacer\"><\/div>\n\n\n\n<div class=\"wp-block-group alignwide\"><div class=\"wp-block-group__inner-container is-layout-flow wp-block-group-is-layout-flow\">\n<h2 class=\"has-text-align-center wp-block-heading\" id=\"partners\"><strong>Partners in Portugal<\/strong><\/h2>\n\n\n\n<div class=\"wp-block-group\"><div class=\"wp-block-group__inner-container is-layout-flow wp-block-group-is-layout-flow\"><\/div><\/div>\n\n\n\n<div class=\"wp-block-columns alignwide is-layout-flex wp-container-core-columns-is-layout-9d6595d7 wp-block-columns-is-layout-flex\">\n<div class=\"wp-block-column is-layout-flow wp-block-column-is-layout-flow\" style=\"flex-basis:20%\"><\/div>\n\n\n\n<div class=\"wp-block-column is-layout-flow wp-block-column-is-layout-flow\" style=\"flex-basis:60%\">\n<p class=\"has-text-align-center has-regular-font-size\">Most of our partners are based in Portugal.<\/p>\n\n\n\n<p class=\"has-text-align-center has-regular-font-size\">This is also reflected in the billing as 95,3 % of the orders paid by Black Moda Oy are made in Portugal.<\/p>\n\n\n\n<p class=\"has-text-align-center has-small-font-size\">The supplier contracts made with our partners are accompanied by a Code of Conduct (CoC), ethical principles and state that the supplier must manufacture products in compliance with the REACH Chemicals Regulation.<\/p>\n\n\n\n<p class=\"has-text-align-center\">We value long term supplier relationships. Thus, we believe trust and fruitful cooperation between suppliers are valuable assets today.<\/p>\n\n\n\n<p class=\"has-text-align-center\"> Our own sewing company and partners have their doors open, and our production customers are welcome to familiarize themselves with the operation and working conditions of our sewing company and partners anytime.  <\/p>\n<\/div>\n\n\n\n<div class=\"wp-block-column is-layout-flow wp-block-column-is-layout-flow\" style=\"flex-basis:20%\"><\/div>\n<\/div>\n\n\n\n<div class=\"wp-block-group\"><div class=\"wp-block-group__inner-container is-layout-flow wp-block-group-is-layout-flow\">\n<div class=\"wp-block-group\"><div class=\"wp-block-group__inner-container is-layout-flow wp-block-group-is-layout-flow\">\n<div class=\"wp-block-columns alignwide is-layout-flex wp-container-core-columns-is-layout-9d6595d7 wp-block-columns-is-layout-flex\">\n<div class=\"wp-block-column is-layout-flow wp-block-column-is-layout-flow\" style=\"flex-basis:20%\"><\/div>\n\n\n\n<div class=\"wp-block-column is-layout-flow wp-block-column-is-layout-flow\" style=\"flex-basis:60%\"><\/div>\n\n\n\n<div class=\"wp-block-column is-layout-flow wp-block-column-is-layout-flow\" style=\"flex-basis:20%\"><\/div>\n<\/div>\n\n\n\n<p><\/p>\n<\/div><\/div>\n\n\n\n<p class=\"has-text-align-center has-regular-font-size\"><strong>THE START YEAR OF PARTNER RELATIONSHIP <\/strong><\/p>\n\n\n\n<div class=\"wp-block-group alignwide\"><div class=\"wp-block-group__inner-container is-layout-flow wp-block-group-is-layout-flow\">\n<div class=\"wp-block-columns is-layout-flex wp-container-core-columns-is-layout-9d6595d7 wp-block-columns-is-layout-flex\">\n<div class=\"wp-block-column is-layout-flow wp-block-column-is-layout-flow\"><div id=\"circle-block_625fb235589a8\" class=\"block-circle aligncenter\">\n\n            <div class=\"circle circle--dark\">\n            <div class=\"circle__number\">1997<\/div>\n\n                            <div class=\"circle__text\">Somani<\/div>\n                    <\/div>\n    \n<\/div>\n\n<style type=\"text\/css\">\n    #circle-block_625fb235589a8 .circle {\n        display: flex;\n        flex-direction: column;\n        justify-content: center;\n        align-items: center;\n        border-radius: 50%;\n        width: 10em;\n        height: 10em;\n        background: hsl(280, 100%, 4%);\n        color: white;\n    }\n    #circle-block_625fb235589a8 .circle--light {\n        background: white;\n        color: hsl(216, 60%, 68%);\n    }\n    #circle-block_625fb235589a8 .circle > div {\n        white-space: nowrap;\n        overflow: hidden;\n        text-overflow: ellipsis;\n        max-width: 8rem;\n        line-height: 1;\n    }\n    #circle-block_625fb235589a8 .circle__number {\n        font-size: 2.1rem;\n        margin-bottom: 0.2rem;\n    }\n    #circle-block_625fb235589a8 .circle__text {\n        font-size: 0.8rem;\n        text-transform: uppercase;\n    }\n    #circle-block_625fb235589a8.aligncenter {\n        display: flex;\n        justify-content: center;\n    }\n<\/style>\n<\/div>\n\n\n\n<div class=\"wp-block-column is-layout-flow wp-block-column-is-layout-flow\"><div id=\"circle-block_625fb255589a9\" class=\"block-circle aligncenter\">\n\n            <div class=\"circle circle--dark\">\n            <div class=\"circle__number\">1999<\/div>\n\n                            <div class=\"circle__text\">Armaco<\/div>\n                    <\/div>\n    \n<\/div>\n\n<style type=\"text\/css\">\n    #circle-block_625fb255589a9 .circle {\n        display: flex;\n        flex-direction: column;\n        justify-content: center;\n        align-items: center;\n        border-radius: 50%;\n        width: 10em;\n        height: 10em;\n        background: hsl(280, 100%, 4%);\n        color: white;\n    }\n    #circle-block_625fb255589a9 .circle--light {\n        background: white;\n        color: hsl(216, 60%, 68%);\n    }\n    #circle-block_625fb255589a9 .circle > div {\n        white-space: nowrap;\n        overflow: hidden;\n        text-overflow: ellipsis;\n        max-width: 8rem;\n        line-height: 1;\n    }\n    #circle-block_625fb255589a9 .circle__number {\n        font-size: 2.1rem;\n        margin-bottom: 0.2rem;\n    }\n    #circle-block_625fb255589a9 .circle__text {\n        font-size: 0.8rem;\n        text-transform: uppercase;\n    }\n    #circle-block_625fb255589a9.aligncenter {\n        display: flex;\n        justify-content: center;\n    }\n<\/style>\n<\/div>\n\n\n\n<div class=\"wp-block-column is-layout-flow wp-block-column-is-layout-flow\"><div id=\"circle-block_625fb260589aa\" class=\"block-circle aligncenter\">\n\n            <div class=\"circle circle--dark\">\n            <div class=\"circle__number\">2014<\/div>\n\n                            <div class=\"circle__text\">Belfama<\/div>\n                    <\/div>\n    \n<\/div>\n\n<style type=\"text\/css\">\n    #circle-block_625fb260589aa .circle {\n        display: flex;\n        flex-direction: column;\n        justify-content: center;\n        align-items: center;\n        border-radius: 50%;\n        width: 10em;\n        height: 10em;\n        background: hsl(280, 100%, 4%);\n        color: white;\n    }\n    #circle-block_625fb260589aa .circle--light {\n        background: white;\n        color: hsl(216, 60%, 68%);\n    }\n    #circle-block_625fb260589aa .circle > div {\n        white-space: nowrap;\n        overflow: hidden;\n        text-overflow: ellipsis;\n        max-width: 8rem;\n        line-height: 1;\n    }\n    #circle-block_625fb260589aa .circle__number {\n        font-size: 2.1rem;\n        margin-bottom: 0.2rem;\n    }\n    #circle-block_625fb260589aa .circle__text {\n        font-size: 0.8rem;\n        text-transform: uppercase;\n    }\n    #circle-block_625fb260589aa.aligncenter {\n        display: flex;\n        justify-content: center;\n    }\n<\/style>\n<\/div>\n<\/div>\n<\/div><\/div>\n\n\n\n<p><\/p>\n<\/div><\/div>\n<\/div><\/div>\n\n\n\n<div class=\"wp-block-group\"><div class=\"wp-block-group__inner-container is-layout-flow wp-block-group-is-layout-flow\"><\/div><\/div>\n\n\n\n<div class=\"wp-block-button aligncenter\"><a class=\"wp-block-button__link has-black-background-color has-background\" href=\" https:\/\/blackmoda.fi\/wp-content\/uploads\/2022\/05\/blackmoda-sustainability-report-2021-en-1.pdf\">Sustainability Report 2021 (EN)<\/a><\/div>\n\n\n\n<div style=\"height:100px\" aria-hidden=\"true\" class=\"wp-block-spacer\"><\/div>\n<\/div><\/div>\n\n\n\n<div class=\"wp-block-cover alignfull\"><span aria-hidden=\"true\" class=\"has-blue-400-background-color has-background-dim-80 wp-block-cover__gradient-background has-background-dim\"><\/span><img decoding=\"async\" class=\"wp-block-cover__image-background wp-image-548\" alt=\"\" src=\"https:\/\/blackmoda.fi\/wp-content\/uploads\/2020\/02\/tehdas3_bnw.jpg\" style=\"object-position:44% 42%\" data-object-fit=\"cover\" data-object-position=\"44% 42%\"\/><div class=\"wp-block-cover__inner-container is-layout-flow wp-block-cover-is-layout-flow\">\n<div style=\"height:100px\" aria-hidden=\"true\" class=\"wp-block-spacer\"><\/div>\n\n\n\n<div class=\"wp-block-group alignwide\"><div class=\"wp-block-group__inner-container is-layout-flow wp-block-group-is-layout-flow\">\n<h2 class=\"has-text-align-center wp-block-heading\" id=\"materials\"><strong>Materials and Raw Materials<\/strong><\/h2>\n\n\n\n<div class=\"wp-block-group\"><div class=\"wp-block-group__inner-container is-layout-flow wp-block-group-is-layout-flow\"><\/div><\/div>\n\n\n\n<div class=\"wp-block-columns alignwide is-layout-flex wp-container-core-columns-is-layout-9d6595d7 wp-block-columns-is-layout-flex\">\n<div class=\"wp-block-column is-layout-flow wp-block-column-is-layout-flow\" style=\"flex-basis:20%\"><\/div>\n\n\n\n<div class=\"wp-block-column is-layout-flow wp-block-column-is-layout-flow\" style=\"flex-basis:60%\">\n<p class=\"has-text-align-center has-regular-font-size\">The use of high quality and certified materials in production is the key to a high quality end product that is economically, ecologically and emotionally viable investment.<\/p>\n\n\n\n<p class=\"has-text-align-center has-small-font-size\">Organic cotton is our most used raw material. These means it has been grown without harmful fertilizers and pesticides. <\/p>\n<\/div>\n\n\n\n<div class=\"wp-block-column is-layout-flow wp-block-column-is-layout-flow\" style=\"flex-basis:20%\"><\/div>\n<\/div>\n\n\n\n<div class=\"wp-block-group\"><div class=\"wp-block-group__inner-container is-layout-flow wp-block-group-is-layout-flow\"><\/div><\/div>\n\n\n\n<div class=\"wp-block-columns alignwide is-layout-flex wp-container-core-columns-is-layout-9d6595d7 wp-block-columns-is-layout-flex\">\n<div class=\"wp-block-column is-layout-flow wp-block-column-is-layout-flow\">\n<div class=\"wp-block-button aligncenter\"><a class=\"wp-block-button__link\" href=\"https:\/\/www.oeko-tex.com\/en\/\" target=\"_blank\" rel=\"noreferrer noopener\"> OEKO-TEX <\/a><\/div>\n\n\n\n<p class=\"has-text-align-center has-small-font-size\">The standard limits the use of certain textile chemicals that are considered harmful. Certification by independent research institutes guarantees that the product is free of harmful pesticide, heavy metal or formaldehyde residues.<\/p>\n<\/div>\n\n\n\n<div class=\"wp-block-column is-layout-flow wp-block-column-is-layout-flow\">\n<div class=\"wp-block-button aligncenter\"><a class=\"wp-block-button__link\" href=\"https:\/\/www.global-standard.org\/\" target=\"_blank\" rel=\"noreferrer noopener\"> GOTS<\/a><\/div>\n\n\n\n<p class=\"has-text-align-center has-small-font-size\">GOTS defines high environmental criteria, covering the entire organic textile production chain from the field to the finished product, and requires compliance with social criteria.<\/p>\n<\/div>\n\n\n\n<div class=\"wp-block-column is-layout-flow wp-block-column-is-layout-flow\">\n<div class=\"wp-block-button aligncenter\"><a class=\"wp-block-button__link\" href=\"https:\/\/bettercotton.org\/\" target=\"_blank\" rel=\"noreferrer noopener\">BCI<\/a><\/div>\n\n\n\n<p class=\"has-text-align-center has-small-font-size\">The Better Cotton Initiative (BCI) is a global non-profit organization and the largest cotton sustainability program in the world. BCI&#8217;s mission is to make global cotton production better for the people who produce it, the environment in which it grows, and a better future for the industry.<\/p>\n<\/div>\n<\/div>\n\n\n\n<div class=\"wp-block-group\"><div class=\"wp-block-group__inner-container is-layout-flow wp-block-group-is-layout-flow\"><\/div><\/div>\n<\/div><\/div>\n\n\n\n<div class=\"wp-block-columns alignwide is-layout-flex wp-container-core-columns-is-layout-9d6595d7 wp-block-columns-is-layout-flex\">\n<div class=\"wp-block-column is-layout-flow wp-block-column-is-layout-flow\" style=\"flex-basis:20%\"><\/div>\n\n\n\n<div class=\"wp-block-column is-layout-flow wp-block-column-is-layout-flow\" style=\"flex-basis:60%\">\n<p class=\"has-text-align-center has-small-font-size\">The textile and clothing sector has come to the point where it is necessary to find substitute materials for cotton and recycling processes for textile waste. Cultivation of cotton requires a lot of water, fertilizers and pesticides. At Black Moda, we invest time in finding new solutions for our production. You can read more about our efforts in the full report.<\/p>\n<\/div>\n\n\n\n<div class=\"wp-block-column is-layout-flow wp-block-column-is-layout-flow\" style=\"flex-basis:20%\"><\/div>\n<\/div>\n\n\n\n<div class=\"wp-block-button aligncenter\"><a class=\"wp-block-button__link has-black-background-color has-background\" href=\" https:\/\/blackmoda.fi\/wp-content\/uploads\/2022\/05\/blackmoda-sustainability-report-2021-en-1.pdf\"> Sustainability Report 2021 (EN)<\/a><\/div>\n\n\n\n<div style=\"height:100px\" aria-hidden=\"true\" class=\"wp-block-spacer\"><\/div>\n<\/div><\/div>\n\n\n\n<p><\/p>\n","protected":false},"excerpt":{"rendered":"","protected":false},"author":1,"featured_media":0,"parent":0,"menu_order":0,"comment_status":"closed","ping_status":"closed","template":"templates\/full-width.php","meta":{"_acf_changed":false,"footnotes":""},"class_list":["post-1809","page","type-page","status-publish","hentry"],"acf":[],"yoast_head":"<!-- This site is optimized with the Yoast SEO plugin v27.4 - https:\/\/yoast.com\/product\/yoast-seo-wordpress\/ -->\n<title>Sustainability &#8212; Black Moda<\/title>\n<meta name=\"robots\" content=\"index, follow, max-snippet:-1, max-image-preview:large, max-video-preview:-1\" \/>\n<link rel=\"canonical\" href=\"https:\/\/blackmoda.fi\/vastuullisuus\/\" \/>\n<meta property=\"og:locale\" content=\"en_US\" \/>\n<meta property=\"og:type\" content=\"article\" \/>\n<meta property=\"og:title\" content=\"Sustainability &#8212; Black Moda\" \/>\n<meta property=\"og:url\" content=\"https:\/\/blackmoda.fi\/vastuullisuus\/\" \/>\n<meta property=\"og:site_name\" content=\"Black Moda\" \/>\n<meta property=\"article:modified_time\" content=\"2022-05-17T11:43:08+00:00\" \/>\n<meta property=\"og:image\" content=\"https:\/\/blackmoda.fi\/wp-content\/uploads\/2020\/02\/tehdas16-2-1.jpg\" \/>\n<meta name=\"twitter:card\" content=\"summary_large_image\" \/>\n<meta name=\"twitter:label1\" content=\"Est. reading time\" \/>\n\t<meta name=\"twitter:data1\" content=\"7 minutes\" \/>\n<script type=\"application\/ld+json\" class=\"yoast-schema-graph\">{\"@context\":\"https:\\\/\\\/schema.org\",\"@graph\":[{\"@type\":\"WebPage\",\"@id\":\"https:\\\/\\\/blackmoda.fi\\\/vastuullisuus\\\/\",\"url\":\"https:\\\/\\\/blackmoda.fi\\\/vastuullisuus\\\/\",\"name\":\"Sustainability &#8212; Black Moda\",\"isPartOf\":{\"@id\":\"https:\\\/\\\/blackmoda.fi.wwwdev2.kyberjoukot.fi\\\/#website\"},\"primaryImageOfPage\":{\"@id\":\"https:\\\/\\\/blackmoda.fi\\\/vastuullisuus\\\/#primaryimage\"},\"image\":{\"@id\":\"https:\\\/\\\/blackmoda.fi\\\/vastuullisuus\\\/#primaryimage\"},\"thumbnailUrl\":\"https:\\\/\\\/blackmoda.fi\\\/wp-content\\\/uploads\\\/2020\\\/02\\\/tehdas16-2-1.jpg\",\"datePublished\":\"2020-02-19T13:12:30+00:00\",\"dateModified\":\"2022-05-17T11:43:08+00:00\",\"breadcrumb\":{\"@id\":\"https:\\\/\\\/blackmoda.fi\\\/vastuullisuus\\\/#breadcrumb\"},\"inLanguage\":\"en-US\",\"potentialAction\":[{\"@type\":\"ReadAction\",\"target\":[\"https:\\\/\\\/blackmoda.fi\\\/vastuullisuus\\\/\"]}]},{\"@type\":\"ImageObject\",\"inLanguage\":\"en-US\",\"@id\":\"https:\\\/\\\/blackmoda.fi\\\/vastuullisuus\\\/#primaryimage\",\"url\":\"https:\\\/\\\/blackmoda.fi\\\/wp-content\\\/uploads\\\/2020\\\/02\\\/tehdas16-2-1.jpg\",\"contentUrl\":\"https:\\\/\\\/blackmoda.fi\\\/wp-content\\\/uploads\\\/2020\\\/02\\\/tehdas16-2-1.jpg\"},{\"@type\":\"BreadcrumbList\",\"@id\":\"https:\\\/\\\/blackmoda.fi\\\/vastuullisuus\\\/#breadcrumb\",\"itemListElement\":[{\"@type\":\"ListItem\",\"position\":1,\"name\":\"Home\",\"item\":\"https:\\\/\\\/blackmoda.fi\\\/en\\\/\"},{\"@type\":\"ListItem\",\"position\":2,\"name\":\"Sustainability\"}]},{\"@type\":\"WebSite\",\"@id\":\"https:\\\/\\\/blackmoda.fi.wwwdev2.kyberjoukot.fi\\\/#website\",\"url\":\"https:\\\/\\\/blackmoda.fi.wwwdev2.kyberjoukot.fi\\\/\",\"name\":\"Black Moda\",\"description\":\"High Quality Textiles From Portugal\",\"potentialAction\":[{\"@type\":\"SearchAction\",\"target\":{\"@type\":\"EntryPoint\",\"urlTemplate\":\"https:\\\/\\\/blackmoda.fi.wwwdev2.kyberjoukot.fi\\\/?s={search_term_string}\"},\"query-input\":{\"@type\":\"PropertyValueSpecification\",\"valueRequired\":true,\"valueName\":\"search_term_string\"}}],\"inLanguage\":\"en-US\"}]}<\/script>\n<!-- \/ Yoast SEO plugin. -->","yoast_head_json":{"title":"Sustainability &#8212; Black Moda","robots":{"index":"index","follow":"follow","max-snippet":"max-snippet:-1","max-image-preview":"max-image-preview:large","max-video-preview":"max-video-preview:-1"},"canonical":"https:\/\/blackmoda.fi\/vastuullisuus\/","og_locale":"en_US","og_type":"article","og_title":"Sustainability &#8212; Black Moda","og_url":"https:\/\/blackmoda.fi\/vastuullisuus\/","og_site_name":"Black Moda","article_modified_time":"2022-05-17T11:43:08+00:00","og_image":[{"url":"https:\/\/blackmoda.fi\/wp-content\/uploads\/2020\/02\/tehdas16-2-1.jpg","type":"","width":"","height":""}],"twitter_card":"summary_large_image","twitter_misc":{"Est. reading time":"7 minutes"},"schema":{"@context":"https:\/\/schema.org","@graph":[{"@type":"WebPage","@id":"https:\/\/blackmoda.fi\/vastuullisuus\/","url":"https:\/\/blackmoda.fi\/vastuullisuus\/","name":"Sustainability &#8212; Black Moda","isPartOf":{"@id":"https:\/\/blackmoda.fi.wwwdev2.kyberjoukot.fi\/#website"},"primaryImageOfPage":{"@id":"https:\/\/blackmoda.fi\/vastuullisuus\/#primaryimage"},"image":{"@id":"https:\/\/blackmoda.fi\/vastuullisuus\/#primaryimage"},"thumbnailUrl":"https:\/\/blackmoda.fi\/wp-content\/uploads\/2020\/02\/tehdas16-2-1.jpg","datePublished":"2020-02-19T13:12:30+00:00","dateModified":"2022-05-17T11:43:08+00:00","breadcrumb":{"@id":"https:\/\/blackmoda.fi\/vastuullisuus\/#breadcrumb"},"inLanguage":"en-US","potentialAction":[{"@type":"ReadAction","target":["https:\/\/blackmoda.fi\/vastuullisuus\/"]}]},{"@type":"ImageObject","inLanguage":"en-US","@id":"https:\/\/blackmoda.fi\/vastuullisuus\/#primaryimage","url":"https:\/\/blackmoda.fi\/wp-content\/uploads\/2020\/02\/tehdas16-2-1.jpg","contentUrl":"https:\/\/blackmoda.fi\/wp-content\/uploads\/2020\/02\/tehdas16-2-1.jpg"},{"@type":"BreadcrumbList","@id":"https:\/\/blackmoda.fi\/vastuullisuus\/#breadcrumb","itemListElement":[{"@type":"ListItem","position":1,"name":"Home","item":"https:\/\/blackmoda.fi\/en\/"},{"@type":"ListItem","position":2,"name":"Sustainability"}]},{"@type":"WebSite","@id":"https:\/\/blackmoda.fi.wwwdev2.kyberjoukot.fi\/#website","url":"https:\/\/blackmoda.fi.wwwdev2.kyberjoukot.fi\/","name":"Black Moda","description":"High Quality Textiles From Portugal","potentialAction":[{"@type":"SearchAction","target":{"@type":"EntryPoint","urlTemplate":"https:\/\/blackmoda.fi.wwwdev2.kyberjoukot.fi\/?s={search_term_string}"},"query-input":{"@type":"PropertyValueSpecification","valueRequired":true,"valueName":"search_term_string"}}],"inLanguage":"en-US"}]}},"_links":{"self":[{"href":"https:\/\/blackmoda.fi\/en\/wp-json\/wp\/v2\/pages\/1809","targetHints":{"allow":["GET"]}}],"collection":[{"href":"https:\/\/blackmoda.fi\/en\/wp-json\/wp\/v2\/pages"}],"about":[{"href":"https:\/\/blackmoda.fi\/en\/wp-json\/wp\/v2\/types\/page"}],"author":[{"embeddable":true,"href":"https:\/\/blackmoda.fi\/en\/wp-json\/wp\/v2\/users\/1"}],"replies":[{"embeddable":true,"href":"https:\/\/blackmoda.fi\/en\/wp-json\/wp\/v2\/comments?post=1809"}],"version-history":[{"count":99,"href":"https:\/\/blackmoda.fi\/en\/wp-json\/wp\/v2\/pages\/1809\/revisions"}],"predecessor-version":[{"id":4132,"href":"https:\/\/blackmoda.fi\/en\/wp-json\/wp\/v2\/pages\/1809\/revisions\/4132"}],"wp:attachment":[{"href":"https:\/\/blackmoda.fi\/en\/wp-json\/wp\/v2\/media?parent=1809"}],"curies":[{"name":"wp","href":"https:\/\/api.w.org\/{rel}","templated":true}]}}